{"id":18,"date":"2015-01-08T10:52:06","date_gmt":"2015-01-08T10:52:06","guid":{"rendered":"http:\/\/ricardchiang.com\/?page_id=18"},"modified":"2022-04-29T11:35:12","modified_gmt":"2022-04-29T11:35:12","slug":"c-v","status":"publish","type":"page","link":"http:\/\/ricardchiang.com\/?page_id=18","title":{"rendered":"c.v."},"content":{"rendered":"<p><!--\n\n\n<div class=\"\"><a href=\"http:\/\/ricardchiang.com\/wp-content\/files\/2015\/01\/montaje_Ricardo_Toronja_p.jpg\" target=\"_blank\"><img loading=\"lazy\" decoding=\"async\" width=\"1024\" height=\"815\" src=\"http:\/\/ricardchiang.com\/wp-content\/files\/2015\/01\/montaje_Ricardo_Toronja_p-1024x815.jpg\" alt=\"montaje_Ricardo_Toronja_p\" class=\"alignnone size-large wp-image-101\" srcset=\"http:\/\/ricardchiang.com\/wp-content\/files\/2015\/01\/montaje_Ricardo_Toronja_p.jpg 1024w, http:\/\/ricardchiang.com\/wp-content\/files\/2015\/01\/montaje_Ricardo_Toronja_p-300x239.jpg 300w\" sizes=\"auto, (max-width: 1024px) 100vw, 1024px\" \/><\/a><\/div>\n\n\n--><\/p>\n<ul>\n<li>\n<p class=\"western\" lang=\"es-ES\">Exposiciones colectivas\/Group exhibitions<\/p>\n<p class=\"western\" lang=\"es-ES\" align=\"justify\"><span style=\"font-family: Consolas, monospace;\"><span style=\"font-size: small;\"><b>2018<\/b><\/span><\/span><\/p>\n<p class=\"western\" lang=\"es-ES\" align=\"justify\"><span style=\"font-family: Consolas, monospace;\"><span style=\"font-size: small;\">Drawing room Madrid. Stand IEB<\/span><\/span><\/p>\n<p class=\"western\" lang=\"es-ES\" align=\"justify\"><span style=\"font-family: Consolas, monospace;\"><span style=\"font-size: small;\"><b>2015<\/b><\/span><\/span><\/p>\n<p class=\"western\" align=\"justify\">\u201c<span style=\"font-family: Consolas, monospace;\"><span style=\"font-size: small;\"><span lang=\"es-ES\"><i>9 artistes per un 9 temps\u201d.<\/i><\/span><\/span><\/span> <span style=\"font-family: Consolas, monospace;\"><span style=\"font-size: small;\"><span lang=\"es-ES\">Galer\u00eda Xavier Fiol. Palma<\/span><\/span><\/span><\/p>\n<p class=\"western\" lang=\"es-ES\" align=\"justify\"><span style=\"font-family: Consolas, monospace;\"><span style=\"font-size: small;\"><b>2014<\/b><\/span><\/span><\/p>\n<p class=\"western\" align=\"justify\">\u201c<span style=\"font-family: Consolas, monospace;\"><span style=\"font-size: small;\"><span lang=\"es-ES\"><i>Rocas, monta\u00f1as y \u00e1rboles\u201d. <\/i><\/span><\/span><\/span><span style=\"font-family: Consolas, monospace;\"><span style=\"font-size: small;\"><span lang=\"es-ES\">Instituto cervantes en Pek\u00edn.<\/span><\/span><\/span><\/p>\n<p class=\"western\" lang=\"es-ES\" align=\"justify\"><span style=\"font-family: Consolas, monospace;\"><span style=\"font-size: small;\"><b>2013<\/b><\/span><\/span><\/p>\n<p class=\"western\" align=\"justify\">\u201c<span style=\"font-family: Consolas, monospace;\"><span style=\"font-size: small;\"><span lang=\"es-ES\">Encuentro y di\u00e1logo\u201d. MEIAC. Colecciones de Artes Visuales<\/span><\/span><\/span><\/p>\n<p class=\"western\" lang=\"es-ES\" align=\"justify\"><span style=\"font-family: Consolas, monospace;\"><span style=\"font-size: small;\">del Parlamento y del Gobierno de Extremadura<\/span><\/span><\/p>\n<p class=\"western\" lang=\"es-ES\" align=\"justify\">\u201c<span style=\"font-family: Consolas, monospace;\"><span style=\"font-size: small;\">Eixos de diversitat\u201d. Galer\u00eda Zurab Tsereteli. Acad\u00e8mia de Belles<\/span><\/span><\/p>\n<p class=\"western\" lang=\"es-ES\" align=\"justify\"><span style=\"font-family: Consolas, monospace;\"><span style=\"font-size: small;\">Arts de R\u00fassia i Institut d\u2019Estudis Bale\u00e0rics. Moscou. R\u00fassia<\/span><\/span><\/p>\n<p class=\"western\" lang=\"es-ES\" align=\"justify\"><span style=\"font-family: Consolas, monospace;\"><span style=\"font-size: small;\"><b>2012 <\/b><\/span><\/span><\/p>\n<p class=\"western\" align=\"justify\">\u201c<span style=\"font-family: Consolas, monospace;\"><span style=\"font-size: small;\"><span lang=\"es-ES\">Eixos de diversitat\u201d. <\/span><\/span><\/span><span style=\"font-family: Consolas, monospace;\"><span style=\"font-size: small;\"><span lang=\"en-GB\">Galerie Kartner La Cardinale. Institut<\/span><\/span><\/span><\/p>\n<p class=\"western\" lang=\"en-GB\" align=\"justify\"><span style=\"font-family: Consolas, monospace;\"><span style=\"font-size: small;\">Ramon Llull. Par\u00eds<\/span><\/span><\/p>\n<p class=\"western\" align=\"justify\"><span style=\"font-family: Consolas, monospace;\"><span style=\"font-size: small;\"><span lang=\"en-GB\">Expanded Drawing \u2018012. Nit de l\u2019Art. Casal Solleric. <\/span><\/span><\/span><span style=\"font-family: Consolas, monospace;\"><span style=\"font-size: small;\"><span lang=\"es-ES\">Palma de<\/span><\/span><\/span><\/p>\n<p class=\"western\" lang=\"es-ES\" align=\"justify\"><span style=\"font-family: Consolas, monospace;\"><span style=\"font-size: small;\">Mallorca<\/span><\/span><\/p>\n<p class=\"western\" lang=\"es-ES\" align=\"justify\"><span style=\"font-family: Consolas, monospace;\"><span style=\"font-size: small;\">Obras del XXVII Premio BMW de Pintura. Casa de Vacas del<\/span><\/span><\/p>\n<p class=\"western\" lang=\"es-ES\" align=\"justify\"><span style=\"font-family: Consolas, monospace;\"><span style=\"font-size: small;\">Parque del Buen Retiro. Madrid<\/span><\/span><\/p>\n<p class=\"western\" lang=\"es-ES\" align=\"justify\"><span style=\"font-family: Consolas, monospace;\"><span style=\"font-size: small;\"><b>2011 <\/b><\/span><\/span><\/p>\n<p class=\"western\" lang=\"es-ES\" align=\"justify\">\u201c<span style=\"font-family: Consolas, monospace;\"><span style=\"font-size: small;\">Works on paper\u201d. Galer\u00eda pazYcomedias. Val\u00e8ncia.<\/span><\/span><\/p>\n<p class=\"western\" lang=\"es-ES\" align=\"justify\"><span style=\"font-family: Consolas, monospace;\"><span style=\"font-size: small;\"><b>2010 <\/b><\/span><\/span><\/p>\n<p class=\"western\" lang=\"es-ES\" align=\"justify\">\u201c<span style=\"font-family: Consolas, monospace;\"><span style=\"font-size: small;\">Miradas singulares, voces plurales\u201d. Claustro de Exposiciones<\/span><\/span><\/p>\n<p class=\"western\" lang=\"es-ES\" align=\"justify\"><span style=\"font-family: Consolas, monospace;\"><span style=\"font-size: small;\">del Palacio de C\u00e1diz. Servicio de Igualdad de G\u00e9nero.<\/span><\/span><\/p>\n<p class=\"western\" lang=\"es-ES\" align=\"justify\"><span style=\"font-family: Consolas, monospace;\"><span style=\"font-size: small;\">Diputaci\u00f3n de C\u00e1diz.<\/span><\/span><\/p>\n<p class=\"western\" lang=\"es-ES\" align=\"justify\"><span style=\"font-family: Consolas, monospace;\"><span style=\"font-size: small;\">ESPACIO ATL\u00c1NTICO \u201910. Estand Galer\u00eda Xanon. Vigo<\/span><\/span><\/p>\n<p class=\"western\" lang=\"es-ES\" align=\"justify\"><span style=\"font-family: Consolas, monospace;\"><span style=\"font-size: small;\">Art Madrid 10. Estand Galer\u00eda Xanon. Madrid<\/span><\/span><\/p>\n<p class=\"western\" lang=\"es-ES\" align=\"justify\"><span style=\"font-family: Consolas, monospace;\"><span style=\"font-size: small;\">FORO SUR\u201910. Estand Galer\u00eda Xanon. C\u00e0ceres<\/span><\/span><\/p>\n<p class=\"western\" lang=\"es-ES\" align=\"justify\"><span style=\"font-family: Consolas, monospace;\"><span style=\"font-size: small;\"><b>2009<\/b><\/span><\/span><\/p>\n<p class=\"western\" lang=\"es-ES\" align=\"justify\"><span style=\"font-family: Consolas, monospace;\"><span style=\"font-size: small;\">Art Madrid 09. Estand Galer\u00eda Xanon. Madrid<\/span><\/span><\/p>\n<p class=\"western\" lang=\"es-ES\" align=\"justify\"><span style=\"font-family: Consolas, monospace;\"><span style=\"font-size: small;\">Galer\u00eda Xavier Fiol. Palma<\/span><\/span><\/p>\n<p class=\"western\" lang=\"es-ES\" align=\"justify\"><span style=\"font-family: Consolas, monospace;\"><span style=\"font-size: small;\">PURO ARTE VIGO\u201909. Estand Galer\u00eda Xanon. Vigo<\/span><\/span><\/p>\n<p class=\"western\" lang=\"es-ES\" align=\"justify\"><span style=\"font-family: Consolas, monospace;\"><span style=\"font-size: small;\"><b>2008 <\/b><\/span><\/span><\/p>\n<p class=\"western\" lang=\"es-ES\" align=\"justify\"><span style=\"font-family: Consolas, monospace;\"><span style=\"font-size: small;\">ARCO 2008. Estand Galer\u00eda Xavier Fiol. Madrid<\/span><\/span><\/p>\n<p class=\"western\" lang=\"es-ES\" align=\"justify\"><span style=\"font-family: Consolas, monospace;\"><span style=\"font-size: small;\">ART Cologne 2008. Estand Galer\u00eda Xavier Fiol. Col\u00f2nia. Alemanya.<\/span><\/span><\/p>\n<p class=\"western\" lang=\"es-ES\" align=\"justify\"><span style=\"font-family: Consolas, monospace;\"><span style=\"font-size: small;\">FIART Valencia 08. Estand Galer\u00eda Xanon. Val\u00e8ncia<\/span><\/span><\/p>\n<p class=\"western\" lang=\"es-ES\" align=\"justify\"><span style=\"font-family: Consolas, monospace;\"><span style=\"font-size: small;\">2007 ARCO 2007. Estand Galer\u00eda Xavier Fiol. Madrid<\/span><\/span><\/p>\n<p class=\"western\" lang=\"es-ES\" align=\"justify\"><span style=\"font-family: Consolas, monospace;\"><span style=\"font-size: small;\">Foro Sur 07. Feria de Arte Iberoamericano. Stand Galer\u00eda<\/span><\/span><\/p>\n<p class=\"western\" lang=\"es-ES\" align=\"justify\"><span style=\"font-family: Consolas, monospace;\"><span style=\"font-size: small;\">\u00c1ngeles Ba\u00f1os. C\u00e0ceres<\/span><\/span><\/p>\n<p class=\"western\" lang=\"es-ES\" align=\"justify\"><span style=\"font-family: Consolas, monospace;\"><span style=\"font-size: small;\"><b>2007 <\/b><\/span><\/span><\/p>\n<p class=\"western\" lang=\"es-ES\" align=\"justify\"><span style=\"font-family: Consolas, monospace;\"><span style=\"font-size: small;\">ARTE SANTANDER 2007. Estand Galer\u00eda \u00c1ngeles Ba\u00f1os.<\/span><\/span><\/p>\n<p class=\"western\" lang=\"es-ES\" align=\"justify\"><span style=\"font-family: Consolas, monospace;\"><span style=\"font-size: small;\">Santander<\/span><\/span><\/p>\n<p class=\"western\" lang=\"es-ES\" align=\"justify\">\u201c<span style=\"font-family: Consolas, monospace;\"><span style=\"font-size: small;\">Bilbao Contempor\u00e1neo\u201d. Galer\u00eda Xanon. Museo Guggenheim.<\/span><\/span><\/p>\n<p class=\"western\" lang=\"es-ES\" align=\"justify\"><span style=\"font-family: Consolas, monospace;\"><span style=\"font-size: small;\">Bilbao<\/span><\/span><\/p>\n<p class=\"western\" lang=\"es-ES\" align=\"justify\">\u201c<span style=\"font-family: Consolas, monospace;\"><span style=\"font-size: small;\">Figura y paisaje\u201d. Galer\u00eda Xavier Fiol. Palma<\/span><\/span><\/p>\n<p class=\"western\" lang=\"es-ES\" align=\"justify\"><span style=\"font-family: Consolas, monospace;\"><span style=\"font-size: small;\"><b>2006<\/b><\/span><\/span><\/p>\n<p class=\"western\" lang=\"es-ES\" align=\"justify\"><span style=\"font-family: Consolas, monospace;\"><span style=\"font-size: small;\">XXVII Sal\u00f3n de Oto\u00f1o de Pintura de Plasencia.<\/span><\/span><\/p>\n<p class=\"western\" lang=\"es-ES\" align=\"justify\"><span style=\"font-family: Consolas, monospace;\"><span style=\"font-size: small;\">Centro de Exposiciones San Jorge. C\u00e0ceres<\/span><\/span><\/p>\n<p class=\"western\" lang=\"es-ES\" align=\"justify\"><span style=\"font-family: Consolas, monospace;\"><span style=\"font-size: small;\">ARCO 2006. Estand Galer\u00eda Xavier Fiol. Madrid<\/span><\/span><\/p>\n<p class=\"western\" lang=\"es-ES\" align=\"justify\"><span style=\"font-family: Consolas, monospace;\"><span style=\"font-size: small;\">Foro Sur 06. Feria de Arte Iberoamericano. Estand Galer\u00eda<\/span><\/span><\/p>\n<p class=\"western\" lang=\"es-ES\" align=\"justify\"><span style=\"font-family: Consolas, monospace;\"><span style=\"font-size: small;\">\u00c1ngeles Ba\u00f1os. C\u00e0ceres<\/span><\/span><\/p>\n<p class=\"western\" lang=\"es-ES\" align=\"justify\"><span style=\"font-family: Consolas, monospace;\"><span style=\"font-size: small;\">CIGE &#8211; China International Gallery Exposition. Estand Galer\u00eda<\/span><\/span><\/p>\n<p class=\"western\" lang=\"es-ES\" align=\"justify\"><span style=\"font-family: Consolas, monospace;\"><span style=\"font-size: small;\">Paz y Comedias. Pequ\u00edn<\/span><\/span><\/p>\n<p class=\"western\" lang=\"es-ES\" align=\"justify\"><span style=\"font-family: Consolas, monospace;\"><span style=\"font-size: small;\">ARTE SANTANDER 2006. Estand Galer\u00eda \u00c1ngeles Ba\u00f1os.<\/span><\/span><\/p>\n<p class=\"western\" lang=\"es-ES\" align=\"justify\"><span style=\"font-family: Consolas, monospace;\"><span style=\"font-size: small;\">Santander<\/span><\/span><\/p>\n<p class=\"western\" lang=\"es-ES\" align=\"justify\"><span style=\"font-family: Consolas, monospace;\"><span style=\"font-size: small;\">ART Cologne 2006. Estand Galer\u00eda Xavier Fiol. Col\u00f2nia. Alemanya<\/span><\/span><\/p>\n<p class=\"western\" lang=\"es-ES\" align=\"justify\"><span style=\"font-family: Consolas, monospace;\"><span style=\"font-size: small;\">Galer\u00eda Xanon. Blanco y Negro. Bilbao<\/span><\/span><\/p>\n<p class=\"western\" align=\"justify\"><span style=\"font-family: Consolas, monospace;\"><span style=\"font-size: small;\"><span lang=\"es-ES\"><b>2005<\/b><\/span><\/span><\/span><\/p>\n<p class=\"western\" lang=\"es-ES\" align=\"justify\"><span style=\"font-family: Consolas, monospace;\"><span style=\"font-size: small;\">ARCO 2005. Estand Galer\u00eda Altair i Xavier Fiol. Madrid<\/span><\/span><\/p>\n<p class=\"western\" lang=\"es-ES\" align=\"justify\"><span style=\"font-family: Consolas, monospace;\"><span style=\"font-size: small;\">ARTE SANTANDER 2005. Estand Galer\u00eda Astart\u00e9. Santander<\/span><\/span><\/p>\n<p class=\"western\" lang=\"es-ES\" align=\"justify\">\u201c<span style=\"font-family: Consolas, monospace;\"><span style=\"font-size: small;\">Naturalezas\u201d. Xanon Galer\u00eda de Arte. Madrid<\/span><\/span><\/p>\n<p class=\"western\" lang=\"es-ES\" align=\"justify\">\u201c<span style=\"font-family: Consolas, monospace;\"><span style=\"font-size: small;\">100 a\u00f1os de historia. Una mirada en el tiempo\u201d. Museo de<\/span><\/span><\/p>\n<p class=\"western\" lang=\"es-ES\" align=\"justify\"><span style=\"font-family: Consolas, monospace;\"><span style=\"font-size: small;\">Arte Espa\u00f1ol Enrique Larreta. Buenos Aires<\/span><\/span><\/p>\n<p class=\"western\" lang=\"es-ES\" align=\"justify\"><span style=\"font-family: Consolas, monospace;\"><span style=\"font-size: small;\">valencia.art 2005. Estand Galer\u00eda \u00c1ngeles Ba\u00f1os. Val\u00e8ncia<\/span><\/span><\/p>\n<p class=\"western\" lang=\"es-ES\" align=\"justify\"><span style=\"font-family: Consolas, monospace;\"><span style=\"font-size: small;\">Art.Fair 2005. Estand Galer\u00eda Astart\u00e9. Col\u00f2nia. Alemanya<\/span><\/span><\/p>\n<p class=\"western\" lang=\"es-ES\" align=\"justify\"><span style=\"font-family: Consolas, monospace;\"><span style=\"font-size: small;\">XXVII Sal\u00f3n de Oto\u00f1o de Pintura de Plasencia. Plas\u00e8ncia.<\/span><\/span><\/p>\n<p class=\"western\" lang=\"es-ES\" align=\"justify\"><span style=\"font-family: Consolas, monospace;\"><span style=\"font-size: small;\">C\u00e0ceres<\/span><\/span><\/p>\n<p class=\"western\" lang=\"es-ES\" align=\"justify\"><span style=\"font-family: Consolas, monospace;\"><span style=\"font-size: small;\">Arte Lisboa 2005. Estand Galer\u00eda \u00c1ngeles Ba\u00f1os. Lisboa<\/span><\/span><\/p>\n<p class=\"western\" lang=\"es-ES\" align=\"justify\"><span style=\"font-family: Consolas, monospace;\"><span style=\"font-size: small;\">Foro Sur 05. Feria de Arte Iberoamericano. Estand Galer\u00eda<\/span><\/span><\/p>\n<p class=\"western\" lang=\"es-ES\" align=\"justify\"><span style=\"font-family: Consolas, monospace;\"><span style=\"font-size: small;\">\u00c1ngeles Ba\u00f1os. C\u00e0ceres<\/span><\/span><\/p>\n<p class=\"western\" lang=\"es-ES\" align=\"justify\"><span style=\"font-family: Consolas, monospace;\"><span style=\"font-size: small;\"><b>2004 <\/b><\/span><\/span><\/p>\n<p class=\"western\" lang=\"es-ES\" align=\"justify\"><span style=\"font-family: Consolas, monospace;\"><span style=\"font-size: small;\">ARCO 2004. Estand Galer\u00eda Altair i Xavier Fiol. Madrid<\/span><\/span><\/p>\n<p class=\"western\" lang=\"es-ES\" align=\"justify\"><span style=\"font-family: Consolas, monospace;\"><span style=\"font-size: small;\">Foro Sur 04. Feria de Arte Iberoamericano. Estand Galer\u00eda<\/span><\/span><\/p>\n<p class=\"western\" lang=\"es-ES\" align=\"justify\"><span style=\"font-family: Consolas, monospace;\"><span style=\"font-size: small;\">\u00c1ngeles Ba\u00f1os. C\u00e0ceres<\/span><\/span><\/p>\n<p class=\"western\" lang=\"es-ES\" align=\"justify\">\u201c<span style=\"font-family: Consolas, monospace;\"><span style=\"font-size: small;\">Cuatro autores\u201d. Galer\u00eda \u00c1ngeles Ba\u00f1os. Badajoz<\/span><\/span><\/p>\n<p class=\"western\" lang=\"es-ES\" align=\"justify\"><span style=\"font-family: Consolas, monospace;\"><span style=\"font-size: small;\">Galer\u00eda Xavier Fiol. 15\u00ba aniversario. Palma de Mallorca<\/span><\/span><\/p>\n<p class=\"western\" lang=\"es-ES\" align=\"justify\"><span style=\"font-family: Consolas, monospace;\"><span style=\"font-size: small;\">Galer\u00eda Marim\u00f3n. 5\u00ba aniversario. Palma de Mallorca<\/span><\/span><\/p>\n<p class=\"western\" lang=\"es-ES\" align=\"justify\"><span style=\"font-family: Consolas, monospace;\"><span style=\"font-size: small;\">Arte Lisboa 2004. Estand Galer\u00eda \u00c1ngeles Ba\u00f1os. Lisboa<\/span><\/span><\/p>\n<p class=\"western\" lang=\"es-ES\" align=\"justify\">\u201c<span style=\"font-family: Consolas, monospace;\"><span style=\"font-size: small;\">Somnis i malsons\u201d. Galer\u00eda Asbaeck. Centro Cultural de<\/span><\/span><\/p>\n<p class=\"western\" lang=\"es-ES\" align=\"justify\"><span style=\"font-family: Consolas, monospace;\"><span style=\"font-size: small;\">Andratx. Mallorca<\/span><\/span><\/p>\n<p class=\"western\" lang=\"es-ES\" align=\"justify\">\u201c<span style=\"font-family: Consolas, monospace;\"><span style=\"font-size: small;\">Sala El Brocense\u201d. C\u00e0ceres<\/span><\/span><\/p>\n<p class=\"western\" lang=\"es-ES\" align=\"justify\"><span style=\"font-family: Consolas, monospace;\"><span style=\"font-size: small;\"><b>2003 <\/b><\/span><\/span><\/p>\n<p class=\"western\" lang=\"es-ES\" align=\"justify\"><span style=\"font-family: Consolas, monospace;\"><span style=\"font-size: small;\">ARCO 2003. Estand Galer\u00eda Bores &amp; Mallo. Madrid<\/span><\/span><\/p>\n<p class=\"western\" lang=\"es-ES\" align=\"justify\"><span style=\"font-family: Consolas, monospace;\"><span style=\"font-size: small;\">ARCO 2003. Estand Galer\u00eda Altair i Xavier Fiol. Madrid<\/span><\/span><\/p>\n<p class=\"western\" align=\"justify\">\u201c<span style=\"font-family: Consolas, monospace;\"><span style=\"font-size: small;\"><span lang=\"es-ES\">Literal o tot el contrari\u201d. <\/span><\/span><\/span><span style=\"font-family: Consolas, monospace;\"><span style=\"font-size: small;\"><span lang=\"en-GB\">Celler Sant Marc. Sineu<\/span><\/span><\/span><\/p>\n<p class=\"western\" align=\"justify\"><span style=\"font-family: Consolas, monospace;\"><span style=\"font-size: small;\"><span lang=\"en-GB\">Arte Lisboa 2003. <\/span><\/span><\/span><span style=\"font-family: Consolas, monospace;\"><span style=\"font-size: small;\"><span lang=\"es-ES\">Estand Galer\u00eda Astart\u00e9. Lisboa<\/span><\/span><\/span><\/p>\n<p class=\"western\" lang=\"es-ES\" align=\"justify\"><span style=\"font-family: Consolas, monospace;\"><span style=\"font-size: small;\"><b>2002 <\/b><\/span><\/span><\/p>\n<p class=\"western\" lang=\"es-ES\" align=\"justify\"><span style=\"font-family: Consolas, monospace;\"><span style=\"font-size: small;\">Otras Meninas. Fundaci\u00f3n Telef\u00f3nica. Itinerant. Madrid<\/span><\/span><\/p>\n<p class=\"western\" lang=\"es-ES\" align=\"justify\"><span style=\"font-family: Consolas, monospace;\"><span style=\"font-size: small;\">ARCO 2002. Estand Galer\u00eda Altair i Xavier Fiol. Madrid<\/span><\/span><\/p>\n<p class=\"western\" lang=\"es-ES\" align=\"justify\"><span style=\"font-family: Consolas, monospace;\"><span style=\"font-size: small;\">ARCO 2002. Estand Bores &amp; Mallo. Madrid<\/span><\/span><\/p>\n<p class=\"western\" lang=\"es-ES\" align=\"justify\"><span style=\"font-family: Consolas, monospace;\"><span style=\"font-size: small;\">ARTEXPO 2002. Estand Galer\u00eda Joan Oliver \u201cManeu\u201d. Barcelona<\/span><\/span><\/p>\n<p class=\"western\" align=\"justify\">\u201c<span style=\"font-family: Consolas, monospace;\"><span style=\"font-size: small;\"><span lang=\"en-GB\">Free days\u201d. Galer\u00eda Xavier Fiol. <\/span><\/span><\/span><span style=\"font-family: Consolas, monospace;\"><span style=\"font-size: small;\"><span lang=\"es-ES\">Palma<\/span><\/span><\/span><\/p>\n<p class=\"western\" lang=\"es-ES\" align=\"justify\"><span style=\"font-family: Consolas, monospace;\"><span style=\"font-size: small;\">Art\u00edssima. 02. Estand Galer\u00eda Xavier Fiol. Tor\u00ed. It\u00e0lia<\/span><\/span><\/p>\n<p class=\"western\" lang=\"es-ES\" align=\"justify\">\u201c<span style=\"font-family: Consolas, monospace;\"><span style=\"font-size: small;\">Ses obres\u201d. Mardavall Hotel &amp; Spa. Mil\u00e0. It\u00e0lia<\/span><\/span><\/p>\n<p class=\"western\" lang=\"es-ES\" align=\"justify\">\u201c<span style=\"font-family: Consolas, monospace;\"><span style=\"font-size: small;\">Exqui Corp\u201d. Galer\u00eda Asbaeck. Centro Cultural de Andratx.<\/span><\/span><\/p>\n<p class=\"western\" lang=\"es-ES\" align=\"justify\"><span style=\"font-family: Consolas, monospace;\"><span style=\"font-size: small;\">Mallorca<\/span><\/span><\/p>\n<p class=\"western\" lang=\"es-ES\" align=\"justify\"><span style=\"font-family: Consolas, monospace;\"><span style=\"font-size: small;\">Testimoni 2001-2002. Fundaci\u00f3 \u201cla Caixa\u201d. Tarragona<\/span><\/span><\/p>\n<p class=\"western\" lang=\"es-ES\" align=\"justify\"><span style=\"font-family: Consolas, monospace;\"><span style=\"font-size: small;\"><b>2001 <\/b><\/span><\/span><\/p>\n<p class=\"western\" lang=\"es-ES\" align=\"justify\"><span style=\"font-family: Consolas, monospace;\"><span style=\"font-size: small;\">ARCO 2001. Estand Galer\u00eda Altair i Xavier Fiol. Madrid<\/span><\/span><\/p>\n<p class=\"western\" lang=\"es-ES\" align=\"justify\"><span style=\"font-family: Consolas, monospace;\"><span style=\"font-size: small;\">ARTEXPO 2001. Estand Galer\u00eda Joan Oliver \u201cManeu\u201d. Barcelona<\/span><\/span><\/p>\n<p class=\"western\" lang=\"es-ES\" align=\"justify\"><span style=\"font-family: Consolas, monospace;\"><span style=\"font-size: small;\">Galer\u00eda Xavier Fiol. \u201cColectiva\u201d. Palma<\/span><\/span><\/p>\n<p class=\"western\" lang=\"es-ES\" align=\"justify\">\u201c<span style=\"font-family: Consolas, monospace;\"><span style=\"font-size: small;\">Erotisme a la plastica contempor\u00e0nea a les Illes Balears\u201d.<\/span><\/span><\/p>\n<p class=\"western\" lang=\"es-ES\" align=\"justify\"><span style=\"font-family: Consolas, monospace;\"><span style=\"font-size: small;\">Itinerant Illes Balears i Catalunya<\/span><\/span><\/p>\n<p class=\"western\" lang=\"es-ES\" align=\"justify\"><span style=\"font-family: Consolas, monospace;\"><span style=\"font-size: small;\">1er Encuentro de Arte Joven Europeo. Terol<\/span><\/span><\/p>\n<p class=\"western\" lang=\"es-ES\" align=\"justify\"><span style=\"font-family: Consolas, monospace;\"><span style=\"font-size: small;\">6\u00aa Bienal Universidad de Valencia. Patronato Mart\u00ednez<\/span><\/span><\/p>\n<p class=\"western\" lang=\"es-ES\" align=\"justify\"><span style=\"font-family: Consolas, monospace;\"><span style=\"font-size: small;\">Guerricabeitia. Val\u00e8ncia<\/span><\/span><\/p>\n<p class=\"western\" lang=\"es-ES\" align=\"justify\"><span style=\"font-family: Consolas, monospace;\"><span style=\"font-size: small;\">Interart 2001. Estand Galer\u00eda Joan Oliver \u201cManeu\u201d. Val\u00e8ncia<\/span><\/span><\/p>\n<p class=\"western\" align=\"justify\"><span style=\"font-family: Consolas, monospace;\"><span style=\"font-size: small;\"><span lang=\"es-ES\">Arte Lisboa 2001. Estand Galer\u00eda Xavier Fiol. <\/span><\/span><\/span><span style=\"font-family: Consolas, monospace;\"><span style=\"font-size: small;\"><span lang=\"en-GB\">Lisboa<\/span><\/span><\/span><\/p>\n<p class=\"western\" lang=\"en-GB\" align=\"justify\"><span style=\"font-family: Consolas, monospace;\"><span style=\"font-size: small;\"><b>2000<\/b><\/span><\/span><\/p>\n<p class=\"western\" lang=\"en-GB\" align=\"justify\"><span style=\"font-family: Consolas, monospace;\"><span style=\"font-size: small;\">International Art Exhibition. Art-Miami.00. Estand Galer\u00eda<\/span><\/span><\/p>\n<p class=\"western\" lang=\"en-GB\" align=\"justify\"><span style=\"font-family: Consolas, monospace;\"><span style=\"font-size: small;\">Altair i Xavier Fiol. Miami Beach. Estats Units d\u2019Am\u00e8rica<\/span><\/span><\/p>\n<p class=\"western\" lang=\"es-ES\" align=\"justify\"><span style=\"font-family: Consolas, monospace;\"><span style=\"font-size: small;\">ARCO 2000. Estand Galer\u00eda Altair i Xavier Fiol. Madrid<\/span><\/span><\/p>\n<p class=\"western\" lang=\"es-ES\" align=\"justify\"><span style=\"font-family: Consolas, monospace;\"><span style=\"font-size: small;\">Galer\u00eda Xavier Fiol. Palma<\/span><\/span><\/p>\n<p class=\"western\" lang=\"es-ES\" align=\"justify\"><span style=\"font-family: Consolas, monospace;\"><span style=\"font-size: small;\">ARTEXPO 2000. Estand Galer\u00eda Joan Oliver \u201cManeu\u201d. Barcelona<\/span><\/span><\/p>\n<p class=\"western\" lang=\"es-ES\" align=\"justify\"><span style=\"font-family: Consolas, monospace;\"><span style=\"font-size: small;\">Galer\u00eda Marim\u00f3n. Can Picafort. Mallorca<\/span><\/span><\/p>\n<p class=\"western\" lang=\"es-ES\" align=\"justify\"><span style=\"font-family: Consolas, monospace;\"><span style=\"font-size: small;\">Hibritart. Esporles. Mallorca<\/span><\/span><\/p>\n<p class=\"western\" lang=\"es-ES\" align=\"justify\"><span style=\"font-family: Consolas, monospace;\"><span style=\"font-size: small;\">Art\u00edsima. 00. Stand Galer\u00eda Xavier Fiol. Tor\u00ed. It\u00e0lia<\/span><\/span><\/p>\n<p class=\"western\" lang=\"es-ES\" align=\"justify\"><span style=\"font-family: Consolas, monospace;\"><span style=\"font-size: small;\"><b>1999 <\/b><\/span><\/span><\/p>\n<p class=\"western\" lang=\"es-ES\" align=\"justify\"><span style=\"font-family: Consolas, monospace;\"><span style=\"font-size: small;\">Col\u00b7lecci\u00f3 d\u2019Obres d\u2019Art de l\u2019Ajuntament de Marratx\u00ed,<\/span><\/span><\/p>\n<p class=\"western\" lang=\"es-ES\" align=\"justify\"><span style=\"font-family: Consolas, monospace;\"><span style=\"font-size: small;\">S\u2019Escorxador. Marratx\u00ed. Mallorca<\/span><\/span><\/p>\n<p class=\"western\" lang=\"es-ES\" align=\"justify\"><span style=\"font-family: Consolas, monospace;\"><span style=\"font-size: small;\">Matisos Galer\u00eda d\u2019Art. Palma<\/span><\/span><\/p>\n<p class=\"western\" lang=\"es-ES\" align=\"justify\"><span style=\"font-family: Consolas, monospace;\"><span style=\"font-size: small;\">V Premi Ciutat de Manacor de Pintura. Torre dels Enagistes.<\/span><\/span><\/p>\n<p class=\"western\" lang=\"es-ES\" align=\"justify\"><span style=\"font-family: Consolas, monospace;\"><span style=\"font-size: small;\">Manacor. Mallorca<\/span><\/span><\/p>\n<p class=\"western\" align=\"justify\"><span style=\"font-family: Consolas, monospace;\"><span style=\"font-size: small;\"><span lang=\"es-ES\">Galer\u00eda Marimon. <\/span><\/span><\/span><span style=\"font-family: Consolas, monospace;\"><span style=\"font-size: small;\"><span lang=\"en-GB\">Can Picafort. Mallorca<\/span><\/span><\/span><\/p>\n<p class=\"western\" lang=\"en-GB\" align=\"justify\"><span style=\"font-family: Consolas, monospace;\"><span style=\"font-size: small;\">Art a la carte. Port d\u2019Andratx. Mallorca<\/span><\/span><\/p>\n<p class=\"western\" lang=\"es-ES\" align=\"justify\"><span style=\"font-family: Consolas, monospace;\"><span style=\"font-size: small;\">Loreto arte novantanove. Loreto. It\u00e0lia<\/span><\/span><\/p>\n<p class=\"western\" lang=\"es-ES\" align=\"justify\"><span style=\"font-family: Consolas, monospace;\"><span style=\"font-size: small;\">Sala Pelaires. Palma<\/span><\/span><\/p>\n<p class=\"western\" lang=\"es-ES\" align=\"justify\"><span style=\"font-family: Consolas, monospace;\"><span style=\"font-size: small;\">Art\u00edsima 99. Estand Galer\u00eda Xavier Fiol. Tor\u00ed. It\u00e0lia<\/span><\/span><\/p>\n<p class=\"western\" lang=\"es-ES\" align=\"justify\"><span style=\"font-family: Consolas, monospace;\"><span style=\"font-size: small;\"><b>1998<\/b><\/span><\/span><\/p>\n<p class=\"western\" lang=\"es-ES\" align=\"justify\"><span style=\"font-family: Consolas, monospace;\"><span style=\"font-size: small;\">VIII Concurso Internacional de Pintura Fundaci\u00f3n Barcel\u00f3. Palma<\/span><\/span><\/p>\n<p class=\"western\" lang=\"es-ES\" align=\"justify\"><span style=\"font-family: Consolas, monospace;\"><span style=\"font-size: small;\">V Premi Ciutat de Manacor de pintura. Torre dels Enagistes.<\/span><\/span><\/p>\n<p class=\"western\" lang=\"es-ES\" align=\"justify\"><span style=\"font-family: Consolas, monospace;\"><span style=\"font-size: small;\">Manacor. Mallorca<\/span><\/span><\/p>\n<p class=\"western\" lang=\"es-ES\" align=\"justify\"><span style=\"font-family: Consolas, monospace;\"><span style=\"font-size: small;\">Premis Rei en Jaume de pintura 1998. Sala d\u2019Exposicions de<\/span><\/span><\/p>\n<p class=\"western\" lang=\"es-ES\" align=\"justify\"><span style=\"font-family: Consolas, monospace;\"><span style=\"font-size: small;\">l\u2019Ajuntament de Calvi\u00e0. Mallorca<\/span><\/span><\/p>\n<p class=\"western\" lang=\"es-ES\" align=\"justify\"><span style=\"font-family: Consolas, monospace;\"><span style=\"font-size: small;\">XXXV Certamen Internacional d\u2019Arts Pl\u00e0stiques 1998. Pollen\u00e7a.<\/span><\/span><\/p>\n<p class=\"western\" lang=\"es-ES\" align=\"justify\"><span style=\"font-family: Consolas, monospace;\"><span style=\"font-size: small;\">Mallorca<\/span><\/span><\/p>\n<p class=\"western\" lang=\"es-ES\" align=\"justify\"><span style=\"font-family: Consolas, monospace;\"><span style=\"font-size: small;\"><b>1997<\/b><\/span><\/span><\/p>\n<p class=\"western\" lang=\"es-ES\" align=\"justify\"><span style=\"font-family: Consolas, monospace;\"><span style=\"font-size: small;\">Premi Ciutat de Palma Antoni Gelabert de Pintura 1996.<\/span><\/span><\/p>\n<p class=\"western\" lang=\"es-ES\" align=\"justify\"><span style=\"font-family: Consolas, monospace;\"><span style=\"font-size: small;\">Casal Solleric. Palma<\/span><\/span><\/p>\n<p class=\"western\" lang=\"es-ES\" align=\"justify\"><span style=\"font-family: Consolas, monospace;\"><span style=\"font-size: small;\">VII Concurso Internacional de Pintura Fundaci\u00f3n Barcel\u00f3. Palma<\/span><\/span><\/p>\n<p class=\"western\" lang=\"es-ES\" align=\"justify\"><span style=\"font-family: Consolas, monospace;\"><span style=\"font-size: small;\">Premis Rei en Jaume de pintura 1997. Sala d\u2019Exposicions de<\/span><\/span><\/p>\n<p class=\"western\" lang=\"es-ES\" align=\"justify\"><span style=\"font-family: Consolas, monospace;\"><span style=\"font-size: small;\">l\u2019Ajuntament de Calvi\u00e0. Mallorca<\/span><\/span><\/p>\n<p class=\"western\" lang=\"es-ES\" align=\"justify\"><span style=\"font-family: Consolas, monospace;\"><span style=\"font-size: small;\">VIII Certamen de Pintura \u201cVila de Capdepera\u201d. Centre d\u2019Exposicions.<\/span><\/span><\/p>\n<p class=\"western\" lang=\"es-ES\" align=\"justify\"><span style=\"font-family: Consolas, monospace;\"><span style=\"font-size: small;\">Capdepera. Mallorca<\/span><\/span><\/p>\n<p class=\"western\" lang=\"es-ES\" align=\"justify\"><span style=\"font-family: Consolas, monospace;\"><span style=\"font-size: small;\"><b>1996 <\/b><\/span><\/span><\/p>\n<p class=\"western\" lang=\"es-ES\" align=\"justify\"><span style=\"font-family: Consolas, monospace;\"><span style=\"font-size: small;\">Premi Ciutat de Palma Antoni Gelabert de Pintura 1995.<\/span><\/span><\/p>\n<p class=\"western\" lang=\"es-ES\" align=\"justify\"><span style=\"font-family: Consolas, monospace;\"><span style=\"font-size: small;\">Casal Solleric. Palma<\/span><\/span><\/p>\n<p class=\"western\" lang=\"es-ES\" align=\"justify\"><span style=\"font-family: Consolas, monospace;\"><span style=\"font-size: small;\">VIII Certamen de Pintura \u201cSon Carri\u00f3\u201d. Ca ses Monges.<\/span><\/span><\/p>\n<p class=\"western\" lang=\"es-ES\" align=\"justify\"><span style=\"font-family: Consolas, monospace;\"><span style=\"font-size: small;\">Son Carri\u00f3, Sant Lloren\u00e7 des Cardassar. Mallorca<\/span><\/span><\/p>\n<p class=\"western\" lang=\"es-ES\" align=\"justify\"><span style=\"font-family: Consolas, monospace;\"><span style=\"font-size: small;\">III Premi Ciutat de Manacor de pintura. Torre dels Enagistes.<\/span><\/span><\/p>\n<p class=\"western\" lang=\"es-ES\" align=\"justify\"><span style=\"font-family: Consolas, monospace;\"><span style=\"font-size: small;\">Manacor. Mallorca<\/span><\/span><\/p>\n<p class=\"western\" lang=\"es-ES\" align=\"justify\"><span style=\"font-family: Consolas, monospace;\"><span style=\"font-size: small;\">X Certamen de Pintura \u201cSant Mar\u00e7al\u201d. S\u2019Escorxador. Marratx\u00ed.<\/span><\/span><\/p>\n<p class=\"western\" lang=\"es-ES\" align=\"justify\"><span style=\"font-family: Consolas, monospace;\"><span style=\"font-size: small;\">Mallorca<\/span><\/span><\/p>\n<p class=\"western\" lang=\"es-ES\" align=\"justify\"><span style=\"font-family: Consolas, monospace;\"><span style=\"font-size: small;\">XVIII Certamen Internacional de Pintura \u201cVila de Binissalem\u201d.<\/span><\/span><\/p>\n<p class=\"western\" lang=\"es-ES\" align=\"justify\"><span style=\"font-family: Consolas, monospace;\"><span style=\"font-size: small;\">Sala d\u2019exposicions \u201cSa Nostra\u201d. Mallorca<\/span><\/span><\/p>\n<p class=\"western\" lang=\"es-ES\" align=\"justify\"><span style=\"font-family: Consolas, monospace;\"><span style=\"font-size: small;\">VIII Certamen de Pintura \u201cDijous Bo\u201d. Centre d\u2019Art Sa Quartera.<\/span><\/span><\/p>\n<p class=\"western\" lang=\"es-ES\" align=\"justify\"><span style=\"font-family: Consolas, monospace;\"><span style=\"font-size: small;\">Inca. Mallorca<\/span><\/span><\/p>\n<p class=\"western\" lang=\"es-ES\" align=\"justify\">\u201c<span style=\"font-family: Consolas, monospace;\"><span style=\"font-size: small;\">&#8230;en projecte III\u201d. Torre de ses Puntes. Manacor. Mallorca<\/span><\/span><\/p>\n<p class=\"western\" lang=\"es-ES\" align=\"justify\"><span style=\"font-family: Consolas, monospace;\"><span style=\"font-size: small;\"><b>1995 <\/b><\/span><\/span><\/p>\n<p class=\"western\" lang=\"es-ES\" align=\"justify\"><span style=\"font-family: Consolas, monospace;\"><span style=\"font-size: small;\">VII Certamen de Pintura \u201cSon Carri\u00f3\u201d. Ca ses Monges.<\/span><\/span><\/p>\n<p class=\"western\" lang=\"es-ES\" align=\"justify\"><span style=\"font-family: Consolas, monospace;\"><span style=\"font-size: small;\">Son Carri\u00f3, Sant Lloren\u00e7 des Cardassar. Mallorca<\/span><\/span><\/p>\n<p class=\"western\" lang=\"es-ES\" align=\"justify\"><span style=\"font-family: Consolas, monospace;\"><span style=\"font-size: small;\">XVII Certamen Internacional de Pintura \u201cVila de Binissalem\u201d.<\/span><\/span><\/p>\n<p class=\"western\" lang=\"es-ES\" align=\"justify\"><span style=\"font-family: Consolas, monospace;\"><span style=\"font-size: small;\">Sala d\u2019exposicions \u201cSa Nostra\u201d. Mallorca<\/span><\/span><\/p>\n<p class=\"western\" lang=\"es-ES\"><span style=\"font-family: Consolas, monospace;\"><span style=\"font-size: small;\">Exposiciones individuales\/\u00a0solo exhibitions<\/span><\/span><\/p>\n<p class=\"western\"><span style=\"font-family: Consolas, monospace;\"><span style=\"font-size: small;\"><b>2018<\/b><\/span><\/span><\/p>\n<p class=\"western\"><span style=\"font-family: Consolas, monospace;\"><span style=\"font-size: small;\">Galer\u00eda Marim\u00f3n, Mallorca<\/span><\/span><\/p>\n<p class=\"western\"><span style=\"font-family: Consolas, monospace;\"><span style=\"font-size: small;\"><b>2017<\/b><\/span><\/span><\/p>\n<p class=\"western\"><span style=\"font-family: Consolas, monospace;\"><span style=\"font-size: small;\">Instituto Cervantes, Tokio<\/span><\/span><\/p>\n<p class=\"western\"><span style=\"font-family: Consolas, monospace;\"><span style=\"font-size: small;\"><b>2016<\/b><\/span><\/span><\/p>\n<p class=\"western\" lang=\"en-GB\"><span style=\"font-family: Consolas, monospace;\"><span style=\"font-size: small;\">Rainbow Wall Art Gallery, Pekin<\/span><\/span><\/p>\n<p class=\"western\" lang=\"en-GB\">\u201c<span style=\"font-family: Consolas, monospace;\"><span style=\"font-size: small;\">Hong Kong Monster\u201d En Comix Home Base Hong Kong<\/span><\/span><\/p>\n<p class=\"western\" lang=\"es-ES\"><span style=\"font-family: Consolas, monospace;\"><span style=\"font-size: small;\"><b>2015<\/b><\/span><\/span><\/p>\n<p class=\"western\" lang=\"es-ES\" align=\"justify\">\u201c<span style=\"font-family: Consolas, monospace;\"><span style=\"font-size: small;\">El \u00e1rbol y la sombra\u201d, Casal Solleric.<\/span><\/span><\/p>\n<p class=\"western\" lang=\"es-ES\" align=\"justify\">\u201c<span style=\"font-family: Consolas, monospace;\"><span style=\"font-size: small;\">El \u00e1rbol y la sombra\u201d, Casa Asia en Barcelona<\/span><\/span><\/p>\n<p class=\"western\" lang=\"es-ES\" align=\"justify\"><span style=\"font-family: Consolas, monospace;\"><span style=\"font-size: small;\"><b>2014<\/b><\/span><\/span><\/p>\n<p class=\"western\" lang=\"es-ES\" align=\"justify\">\u201c<span style=\"font-family: Consolas, monospace;\"><span style=\"font-size: small;\">El \u00e1rbol y la sombra\u201d, Centro Cultural de China en Madrid .<\/span><\/span><\/p>\n<p class=\"western\" lang=\"es-ES\" align=\"justify\">\u201c<span style=\"font-family: Consolas, monospace;\"><span style=\"font-size: small;\">El \u00e1rbol y la sombra\u201d, Stiftung f\u00fcr Kunst und Kultur e V. Bonn.<\/span><\/span><\/p>\n<p class=\"western\" lang=\"es-ES\" align=\"justify\"><span style=\"font-family: Consolas, monospace;\"><span style=\"font-size: small;\"><b>2013 <\/b><\/span><\/span><\/p>\n<p class=\"western\" lang=\"es-ES\" align=\"justify\">\u201c<span style=\"font-family: Consolas, monospace;\"><span style=\"font-size: small;\">Boires\u201d. Galer\u00eda Xavier Fiol. Palma de Mallorca<\/span><\/span><\/p>\n<p class=\"western\" lang=\"es-ES\" align=\"justify\"><span style=\"font-family: Consolas, monospace;\"><span style=\"font-size: small;\"><b>2011 <\/b><\/span><\/span><\/p>\n<p class=\"western\" lang=\"es-ES\" align=\"justify\">\u201c<span style=\"font-family: Consolas, monospace;\"><span style=\"font-size: small;\">Marta Blasco y Ricard Chiang\u201d. Galer\u00eda Xanon. Bilbao<\/span><\/span><\/p>\n<p class=\"western\" lang=\"es-ES\" align=\"justify\">\u201c<span style=\"font-family: Consolas, monospace;\"><span style=\"font-size: small;\">Figuras\u201d. Galer\u00eda Xavier Fiol. Palma de Mallorca<\/span><\/span><\/p>\n<p class=\"western\" lang=\"es-ES\" align=\"justify\"><span style=\"font-family: Consolas, monospace;\"><span style=\"font-size: small;\"><b>2009 <\/b><\/span><\/span><\/p>\n<p class=\"western\" lang=\"es-ES\" align=\"justify\"><span style=\"font-family: Consolas, monospace;\"><span style=\"font-size: small;\">Incart 09 Inca. Mallorca<\/span><\/span><\/p>\n<p class=\"western\" lang=\"es-ES\" align=\"justify\"><span style=\"font-family: Consolas, monospace;\"><span style=\"font-size: small;\"><b>2007 <\/b><\/span><\/span><\/p>\n<p class=\"western\" lang=\"es-ES\" align=\"justify\"><span style=\"font-family: Consolas, monospace;\"><span style=\"font-size: small;\">Galer\u00eda \u00c1ngeles Ba\u00f1os. Badajoz<\/span><\/span><\/p>\n<p class=\"western\" lang=\"es-ES\" align=\"justify\"><span style=\"font-family: Consolas, monospace;\"><span style=\"font-size: small;\">Galer\u00eda Astart\u00e9. Madrid<\/span><\/span><\/p>\n<p class=\"western\" lang=\"es-ES\" align=\"justify\"><span style=\"font-family: Consolas, monospace;\"><span style=\"font-size: small;\">Galer\u00eda Xanon. Bilbao<\/span><\/span><\/p>\n<p class=\"western\" lang=\"es-ES\" align=\"justify\"><span style=\"font-family: Consolas, monospace;\"><span style=\"font-size: small;\"><b>2006 <\/b><\/span><\/span><\/p>\n<p class=\"western\" lang=\"es-ES\" align=\"justify\"><span style=\"font-family: Consolas, monospace;\"><span style=\"font-size: small;\">Galer\u00eda Paz y Comedias. Val\u00e8ncia<\/span><\/span><\/p>\n<p class=\"western\" lang=\"es-ES\" align=\"justify\"><span style=\"font-family: Consolas, monospace;\"><span style=\"font-size: small;\">Museo d\u2019Arte delle Generazioni Italiane del \u2018900<\/span><\/span><\/p>\n<p class=\"western\" align=\"justify\">\u201c<span style=\"font-family: Consolas, monospace;\"><span style=\"font-size: small;\"><span lang=\"es-ES\">G.BARGELLINI\u201d Pieve de Cento. <\/span><\/span><\/span><span style=\"font-family: Consolas, monospace;\"><span style=\"font-size: small;\"><span lang=\"en-GB\">Bolonya. It\u00e0lia<\/span><\/span><\/span><\/p>\n<p class=\"western\" lang=\"en-GB\" align=\"justify\"><span style=\"font-family: Consolas, monospace;\"><span style=\"font-size: small;\">Can Gelabert, Binissalem. Mallorca<\/span><\/span><\/p>\n<p class=\"western\" lang=\"es-ES\" align=\"justify\"><span style=\"font-family: Consolas, monospace;\"><span style=\"font-size: small;\"><b>2005 <\/b><\/span><\/span><\/p>\n<p class=\"western\" lang=\"es-ES\" align=\"justify\"><span style=\"font-family: Consolas, monospace;\"><span style=\"font-size: small;\">Galer\u00eda Altair. Palma de Mallorca<\/span><\/span><\/p>\n<p class=\"western\" lang=\"es-ES\" align=\"justify\"><span style=\"font-family: Consolas, monospace;\"><span style=\"font-size: small;\">Galer\u00eda Joan Oliver \u201cManeu\u201d. Palma de Mallorca<\/span><\/span><\/p>\n<p class=\"western\" lang=\"es-ES\" align=\"justify\"><span style=\"font-family: Consolas, monospace;\"><span style=\"font-size: small;\">Galer\u00eda Xavier Fiol. Palma de Mallorca<\/span><\/span><\/p>\n<p class=\"western\" lang=\"es-ES\" align=\"justify\"><span style=\"font-family: Consolas, monospace;\"><span style=\"font-size: small;\"><b>2004 <\/b><\/span><\/span><\/p>\n<p class=\"western\" lang=\"es-ES\" align=\"justify\"><span style=\"font-family: Consolas, monospace;\"><span style=\"font-size: small;\">Galer\u00eda Astart\u00e9. Madrid<\/span><\/span><\/p>\n<p class=\"western\" lang=\"es-ES\" align=\"justify\"><span style=\"font-family: Consolas, monospace;\"><span style=\"font-size: small;\"><b>2003 <\/b><\/span><\/span><\/p>\n<p class=\"western\" lang=\"es-ES\" align=\"justify\"><span style=\"font-family: Consolas, monospace;\"><span style=\"font-size: small;\">Galer\u00eda Bores &amp; Mallo. Lisboa. Galer\u00eda \u00c1ngeles Ba\u00f1os. Badajoz<\/span><\/span><\/p>\n<p class=\"western\" lang=\"es-ES\" align=\"justify\"><span style=\"font-family: Consolas, monospace;\"><span style=\"font-size: small;\"><b>2002 <\/b><\/span><\/span><\/p>\n<p class=\"western\" lang=\"es-ES\" align=\"justify\"><span style=\"font-family: Consolas, monospace;\"><span style=\"font-size: small;\">Galer\u00eda Bores &amp; Mallo. C\u00e0ceres. Galer\u00eda Astart\u00e9. Madrid<\/span><\/span><\/p>\n<p class=\"western\" lang=\"es-ES\" align=\"justify\"><span style=\"font-family: Consolas, monospace;\"><span style=\"font-size: small;\"><b>2001 <\/b><\/span><\/span><\/p>\n<p class=\"western\" align=\"justify\">\u201c<span style=\"font-family: Consolas, monospace;\"><span style=\"font-size: small;\"><span lang=\"es-ES\">Les temptacions de Ricard Chiang 95-01\u201d. Casal Solleric.<\/span><\/span><\/span> <span style=\"font-family: Consolas, monospace;\"><span style=\"font-size: small;\"><span lang=\"es-ES\">Palma de Mallorca<\/span><\/span><\/span><\/p>\n<p class=\"western\" lang=\"es-ES\" align=\"justify\"><span style=\"font-family: Consolas, monospace;\"><span style=\"font-size: small;\"><b>1999 <\/b><\/span><\/span><\/p>\n<p class=\"western\" align=\"justify\"><span style=\"font-family: Consolas, monospace;\"><span style=\"font-size: small;\"><span lang=\"en-GB\">Hotel y arte. \u201cOne Man Show\u201d. <\/span><\/span><\/span><span style=\"font-family: Consolas, monospace;\"><span style=\"font-size: small;\"><span lang=\"es-ES\">Galer\u00eda Altair i Xavier Fiol. Sevilla<\/span><\/span><\/span><\/p>\n<p class=\"western\" align=\"justify\"><span style=\"font-family: Consolas, monospace;\"><span style=\"font-size: small;\"><span lang=\"es-ES\"><b>1998<\/b><\/span><\/span><\/span><\/p>\n<p class=\"western\" lang=\"es-ES\" align=\"justify\"><span style=\"font-family: Consolas, monospace;\"><span style=\"font-size: small;\">Centre Cultural. Felanitx. Mallorca<\/span><\/span><\/p>\n<p class=\"western\" lang=\"es-ES\" align=\"justify\"><span style=\"font-family: Consolas, monospace;\"><span style=\"font-size: small;\">S\u2019Escorxador . Marratx\u00ed. Mallorca<\/span><\/span><\/p>\n<p class=\"western\" lang=\"es-ES\" align=\"justify\"><span style=\"font-family: Consolas, monospace;\"><span style=\"font-size: small;\">Magdalena Baxeras Galer\u00eda d\u2019Art. Barcelona<\/span><\/span><\/p>\n<p class=\"western\" lang=\"es-ES\" align=\"justify\"><span style=\"font-family: Consolas, monospace;\"><span style=\"font-size: small;\"><b>1997 <\/b><\/span><\/span><\/p>\n<p class=\"western\" lang=\"es-ES\" align=\"justify\"><span style=\"font-family: Consolas, monospace;\"><span style=\"font-size: small;\">Sala d\u2019Exposicions de l\u2019Ajuntament de Calvi\u00e0 . Mallorca<\/span><\/span><\/p>\n<p class=\"western\" lang=\"es-ES\" align=\"justify\"><span style=\"font-family: Consolas, monospace;\"><span style=\"font-size: small;\">Torre de ses Puntes. Manacor. Mallorca<\/span><\/span><\/p>\n<p class=\"western\" lang=\"es-ES\"><span style=\"color: #17365d;\"><span style=\"font-family: Consolas, monospace;\"><span style=\"font-size: small;\"><b>Premios\/Awards<\/b><\/span><\/span><\/span><\/p>\n<p class=\"western\" align=\"justify\"><span style=\"font-family: Consolas, monospace;\"><span style=\"font-size: small;\"><span lang=\"es-ES\"><b>1995<\/b><\/span><\/span><\/span><\/p>\n<p class=\"western\" lang=\"es-ES\" align=\"justify\"><span style=\"font-family: Consolas, monospace;\"><span style=\"font-size: small;\">Menci\u00f3 Honor\u00edfica en el VII Certamen de Pintura \u201cSon Carri\u00f3\u201d.<\/span><\/span><\/p>\n<p class=\"western\" lang=\"es-ES\" align=\"justify\"><span style=\"font-family: Consolas, monospace;\"><span style=\"font-size: small;\">Ajuntament de Sant Lloren\u00e7 des Cardassar<\/span><\/span><\/p>\n<p class=\"western\" lang=\"es-ES\" align=\"justify\"><span style=\"font-family: Consolas, monospace;\"><span style=\"font-size: small;\">Acc\u00e8ssit en el XVII Certamen Internacional de Pintura \u201cVila de<\/span><\/span><\/p>\n<p class=\"western\" lang=\"es-ES\" align=\"justify\"><span style=\"font-family: Consolas, monospace;\"><span style=\"font-size: small;\">Binissalem\u201d<\/span><\/span><\/p>\n<p class=\"western\" align=\"justify\"><span style=\"font-family: Consolas, monospace;\"><span style=\"font-size: small;\"><span lang=\"es-ES\"><b>1996<\/b><\/span><\/span><\/span><\/p>\n<p class=\"western\" lang=\"es-ES\" align=\"justify\"><span style=\"font-family: Consolas, monospace;\"><span style=\"font-size: small;\">Primer premi en el VIII Certamen de pintura \u201cSon Carri\u00f3\u201d.<\/span><\/span><\/p>\n<p class=\"western\" lang=\"es-ES\" align=\"justify\"><span style=\"font-family: Consolas, monospace;\"><span style=\"font-size: small;\">Ajuntament de Sant Lloren\u00e7 des Cardassar<\/span><\/span><\/p>\n<p class=\"western\" lang=\"es-ES\" align=\"justify\"><span style=\"font-family: Consolas, monospace;\"><span style=\"font-size: small;\">Primer premi en el X Certamen de Pintura \u201cSant Mar\u00e7al\u201d.<\/span><\/span><\/p>\n<p class=\"western\" lang=\"es-ES\" align=\"justify\"><span style=\"font-family: Consolas, monospace;\"><span style=\"font-size: small;\">Ajuntament de Marratx\u00ed<\/span><\/span><\/p>\n<p class=\"western\" lang=\"es-ES\" align=\"justify\"><span style=\"font-family: Consolas, monospace;\"><span style=\"font-size: small;\">Acc\u00e8ssit en els Premis Rei en Jaume de Pintura 1996.<\/span><\/span><\/p>\n<p class=\"western\" lang=\"es-ES\" align=\"justify\"><span style=\"font-family: Consolas, monospace;\"><span style=\"font-size: small;\">Ajuntament de Calvi\u00e0<\/span><\/span><\/p>\n<p class=\"western\" lang=\"es-ES\" align=\"justify\"><span style=\"font-family: Consolas, monospace;\"><span style=\"font-size: small;\">Primer premi en el XVIII Certamen Internacional de Pintura<\/span><\/span><\/p>\n<p class=\"western\" lang=\"es-ES\" align=\"justify\">\u201c<span style=\"font-family: Consolas, monospace;\"><span style=\"font-size: small;\">Vila de Binissalem\u201d<\/span><\/span><\/p>\n<p class=\"western\" lang=\"es-ES\" align=\"justify\"><span style=\"font-family: Consolas, monospace;\"><span style=\"font-size: small;\">Primer premi en el VIII Certamen de Pintura \u201cDijous Bo\u201d.<\/span><\/span><\/p>\n<p class=\"western\" lang=\"es-ES\" align=\"justify\"><span style=\"font-family: Consolas, monospace;\"><span style=\"font-size: small;\">Ajuntament d\u2019Inca<\/span><\/span><\/p>\n<p class=\"western\" lang=\"es-ES\" align=\"justify\"><span style=\"font-family: Consolas, monospace;\"><span style=\"font-size: small;\"><b>1997 <\/b><\/span><\/span><\/p>\n<p class=\"western\" lang=\"es-ES\" align=\"justify\"><span style=\"font-family: Consolas, monospace;\"><span style=\"font-size: small;\">Acc\u00e8ssit en els Premis Rei en Jaume de Pintura 1997.<\/span><\/span><\/p>\n<p class=\"western\" lang=\"es-ES\" align=\"justify\"><span style=\"font-family: Consolas, monospace;\"><span style=\"font-size: small;\">Ajuntament de Calvi\u00e0<\/span><\/span><\/p>\n<p class=\"western\" lang=\"es-ES\" align=\"justify\"><span style=\"font-family: Consolas, monospace;\"><span style=\"font-size: small;\">Menci\u00f3 Honor\u00edfica en el VIII Certamen de Pintura \u201cVila de<\/span><\/span><\/p>\n<p class=\"western\" lang=\"es-ES\" align=\"justify\"><span style=\"font-family: Consolas, monospace;\"><span style=\"font-size: small;\">Capdepera\u201d<\/span><\/span><\/p>\n<p class=\"western\" lang=\"es-ES\" align=\"justify\"><span style=\"font-family: Consolas, monospace;\"><span style=\"font-size: small;\"><b>1998 <\/b><\/span><\/span><\/p>\n<p class=\"western\" lang=\"es-ES\" align=\"justify\"><span style=\"font-family: Consolas, monospace;\"><span style=\"font-size: small;\">Acc\u00e8ssit en el VIII Concurso Internacional de Pintura Fundaci\u00f3n<\/span><\/span><\/p>\n<p class=\"western\" lang=\"es-ES\" align=\"justify\"><span style=\"font-family: Consolas, monospace;\"><span style=\"font-size: small;\">Barcel\u00f3. Palma<\/span><\/span><\/p>\n<p class=\"western\" lang=\"es-ES\" align=\"justify\"><span style=\"font-family: Consolas, monospace;\"><span style=\"font-size: small;\">Primer premi en els Premis Rei en Jaume de Pintura 1998.<\/span><\/span><\/p>\n<p class=\"western\" lang=\"es-ES\" align=\"justify\"><span style=\"font-family: Consolas, monospace;\"><span style=\"font-size: small;\">Ajuntament de Calvi\u00e0<\/span><\/span><\/p>\n<p class=\"western\" lang=\"es-ES\" align=\"justify\"><span style=\"font-family: Consolas, monospace;\"><span style=\"font-size: small;\">Adquisici\u00f3 d\u2019obra en el XXXV Certamen Internacional d\u2019Arts<\/span><\/span><\/p>\n<p class=\"western\" lang=\"es-ES\" align=\"justify\"><span style=\"font-family: Consolas, monospace;\"><span style=\"font-size: small;\">Pl\u00e1stiques 1998. Pollen\u00e7a<\/span><\/span><\/p>\n<p class=\"western\" lang=\"es-ES\" align=\"justify\"><span style=\"font-family: Consolas, monospace;\"><span style=\"font-size: small;\"><b>2004 <\/b><\/span><\/span><\/p>\n<p class=\"western\" lang=\"es-ES\" align=\"justify\"><span style=\"font-family: Consolas, monospace;\"><span style=\"font-size: small;\">Adquisici\u00f3 d\u2019obra en el VII Certamen de Artes Pl\u00e1sticas \u201cSala El<\/span><\/span><\/p>\n<p class=\"western\" lang=\"es-ES\" align=\"justify\"><span style=\"font-family: Consolas, monospace;\"><span style=\"font-size: small;\">Brocense\u201d. C\u00e0ceres<\/span><\/span><\/p>\n<p class=\"western\" lang=\"es-ES\" align=\"justify\"><span style=\"font-family: Consolas, monospace;\"><span style=\"font-size: small;\">Adquisici\u00f3 d\u2019obra en el V Premio de Pintura y Escultura<\/span><\/span><\/p>\n<p class=\"western\" lang=\"es-ES\" align=\"justify\"><span style=\"font-family: Consolas, monospace;\"><span style=\"font-size: small;\">Timoteo P\u00e9rez Rubio. Oliva de la Frontera. Badajoz<\/span><\/span><\/p>\n<p class=\"western\" lang=\"es-ES\" align=\"justify\"><span style=\"font-family: Consolas, monospace;\"><span style=\"font-size: small;\"><b>2005 <\/b><\/span><\/span><\/p>\n<p class=\"western\" lang=\"es-ES\" align=\"justify\"><span style=\"font-family: Consolas, monospace;\"><span style=\"font-size: small;\">Primer premi XXVII Sal\u00f3n de Oto\u00f1o de pintura de Plasencia<\/span><\/span><\/p>\n<p class=\"western\" lang=\"es-ES\" align=\"justify\"><span style=\"font-family: Consolas, monospace;\"><span style=\"font-size: small;\"><b>2008 <\/b><\/span><\/span><\/p>\n<p class=\"western\" lang=\"es-ES\" align=\"justify\"><span style=\"font-family: Consolas, monospace;\"><span style=\"font-size: small;\">Menci\u00f3 d\u2019honor i adquisici\u00f3 d\u2019obra III Concurso de Pintura y<\/span><\/span><\/p>\n<p class=\"western\" lang=\"es-ES\" align=\"justify\"><span style=\"font-family: Consolas, monospace;\"><span style=\"font-size: small;\">Escultura Figurativas 2008<\/span><\/span><\/p>\n<p class=\"western\"><span style=\"font-family: Consolas, monospace;\"><span style=\"font-size: small;\"><span lang=\"es-ES\"><b>2016<\/b><\/span><\/span><\/span><\/p>\n<p class=\"western\" lang=\"es-ES\" align=\"justify\"><span style=\"font-family: Consolas, monospace;\"><span style=\"font-size: small;\">Premio Concurso internacional para la creaci\u00f3n de tres vitrales de la capilla del \u201cSagrat Cor\u201d en la Catedral de Mallorca <\/span><\/span><\/p>\n<p class=\"western\" lang=\"es-ES\"><span style=\"color: #17365d;\"><span style=\"font-family: Consolas, monospace;\"><span style=\"font-size: small;\">Colecciones\/Collections<\/span><\/span><\/span><\/p>\n<p class=\"western\" lang=\"es-ES\" align=\"justify\"><span style=\"font-family: Consolas, monospace;\"><span style=\"font-size: small;\">Ajuntament de Palma de Mallorca<\/span><\/span><\/p>\n<p class=\"western\" lang=\"es-ES\" align=\"justify\"><span style=\"font-family: Consolas, monospace;\"><span style=\"font-size: small;\">Ajuntament de Sant Lloren\u00e7 des Cardassar. Mallorca<\/span><\/span><\/p>\n<p class=\"western\" lang=\"es-ES\" align=\"justify\"><span style=\"font-family: Consolas, monospace;\"><span style=\"font-size: small;\">Ajuntament de Marratx\u00ed. Mallorca<\/span><\/span><\/p>\n<p class=\"western\" lang=\"es-ES\" align=\"justify\"><span style=\"font-family: Consolas, monospace;\"><span style=\"font-size: small;\">Ajuntament de Binissalem. Mallorca<\/span><\/span><\/p>\n<p class=\"western\" lang=\"es-ES\" align=\"justify\"><span style=\"font-family: Consolas, monospace;\"><span style=\"font-size: small;\">Ajuntament d\u2019Inca. Mallorca<\/span><\/span><\/p>\n<p class=\"western\" lang=\"es-ES\" align=\"justify\"><span style=\"font-family: Consolas, monospace;\"><span style=\"font-size: small;\">Ajuntament de Calvi\u00e0. Mallorca<\/span><\/span><\/p>\n<p class=\"western\" lang=\"es-ES\" align=\"justify\"><span style=\"font-family: Consolas, monospace;\"><span style=\"font-size: small;\">Ajuntament de Manacor. Mallorca<\/span><\/span><\/p>\n<p class=\"western\" lang=\"es-ES\" align=\"justify\"><span style=\"font-family: Consolas, monospace;\"><span style=\"font-size: small;\">Ajuntament de Felanitx. Mallorca<\/span><\/span><\/p>\n<p class=\"western\" lang=\"es-ES\" align=\"justify\"><span style=\"font-family: Consolas, monospace;\"><span style=\"font-size: small;\">Ayuntamiento de Oliva de la Frontera. Badajoz<\/span><\/span><\/p>\n<p class=\"western\" lang=\"es-ES\" align=\"justify\"><span style=\"font-family: Consolas, monospace;\"><span style=\"font-size: small;\">Museu de Pollen\u00e7a. Mallorca<\/span><\/span><\/p>\n<p class=\"western\" lang=\"es-ES\" align=\"justify\"><span style=\"font-family: Consolas, monospace;\"><span style=\"font-size: small;\">Fundaci\u00f3 de les Arts i els Artistes. Barcelona<\/span><\/span><\/p>\n<p class=\"western\" lang=\"es-ES\" align=\"justify\"><span style=\"font-family: Consolas, monospace;\"><span style=\"font-size: small;\">Fundaci\u00f3n Barcel\u00f3. Palma de Mallorca<\/span><\/span><\/p>\n<p class=\"western\" lang=\"es-ES\" align=\"justify\"><span style=\"font-family: Consolas, monospace;\"><span style=\"font-size: small;\">Fundaci\u00f3n de Arte Contempor\u00e1neo Juan Beltr\u00e1n. Campanet,<\/span><\/span><\/p>\n<p class=\"western\" lang=\"es-ES\" align=\"justify\"><span style=\"font-family: Consolas, monospace;\"><span style=\"font-size: small;\">Mallorca<\/span><\/span><\/p>\n<p class=\"western\" lang=\"es-ES\" align=\"justify\"><span style=\"font-family: Consolas, monospace;\"><span style=\"font-size: small;\">Fundaci\u00f3n Unicaja. M\u00e0laga<\/span><\/span><\/p>\n<p class=\"western\" lang=\"es-ES\" align=\"justify\"><span style=\"font-family: Consolas, monospace;\"><span style=\"font-size: small;\">Fundaci\u00f3n Prosegur<\/span><\/span><\/p>\n<p class=\"western\" lang=\"es-ES\" align=\"justify\"><span style=\"font-family: Consolas, monospace;\"><span style=\"font-size: small;\">Fundaci\u00f3n Sa Nostra<\/span><\/span><\/p>\n<p class=\"western\" lang=\"es-ES\" align=\"justify\">Col\u00b7lecci\u00f3 Testimoni. Fundaci\u00f3 \u00abla Caixa\u00bb<\/p>\n<p class=\"western\" lang=\"es-ES\" align=\"justify\"><span style=\"font-family: Consolas, monospace;\"><span style=\"font-size: small;\">Colecci\u00f3n de arte Mardavall.<\/span><\/span><\/p>\n<p class=\"western\" lang=\"es-ES\" align=\"justify\"><span style=\"font-family: Consolas, monospace;\"><span style=\"font-size: small;\">Diputaci\u00f3n Provincial de C\u00e1ceres<\/span><\/span><\/p>\n<p class=\"western\" lang=\"es-ES\" align=\"justify\"><span style=\"font-family: Consolas, monospace;\"><span style=\"font-size: small;\">Ministerio de Econom\u00eda. Espanya<\/span><\/span><\/p>\n<p class=\"western\" lang=\"es-ES\" align=\"justify\"><span style=\"font-family: Consolas, monospace;\"><span style=\"font-size: small;\">Caja de Extremadura<\/span><\/span><\/p>\n<p class=\"western\" lang=\"es-ES\" align=\"justify\"><span style=\"font-family: Consolas, monospace;\"><span style=\"font-size: small;\">Junta de Extremadura<\/span><\/span><\/p>\n<p class=\"western\" lang=\"es-ES\" align=\"justify\"><span style=\"font-family: Consolas, monospace;\"><span style=\"font-size: small;\">Colecci\u00f3n DKV<\/span><\/span><\/p>\n<p class=\"western\" lang=\"es-ES\" align=\"justify\"><span style=\"color: #365f91;\"><span style=\"font-family: Consolas, monospace;\"><span style=\"font-size: small;\"><b>Diversos<\/b><\/span><\/span><\/span><\/p>\n<p class=\"western\" lang=\"es-ES\" align=\"justify\">C\u00f2mic: Retorno a la Madre. Fanz\u00edn (amb M.A. Robledo).<\/p>\n<p class=\"western\" lang=\"es-ES\" align=\"justify\"><span style=\"font-family: Consolas, monospace;\"><span style=\"font-size: small;\">C\u00f2mic: \u201cFabrica de Mu\u00f1ecos\u201d. Raspa Kids Club. D\u00eda de los muertos<\/span><\/span><\/p>\n<p class=\"western\" lang=\"es-ES\" align=\"justify\"><span style=\"font-family: Consolas, monospace;\"><span style=\"font-size: small;\">en M\u00e9xico. Inrev\u00e9s edicions (amb A. Fito).<\/span><\/span><\/p>\n<p class=\"western\" lang=\"es-ES\" align=\"justify\"><span style=\"font-family: Consolas, monospace;\"><span style=\"font-size: small;\">C\u00f2mic: \u201cMu\u00f1ecas asesinas\u201d. Nosotros Somos Los Muertos, n\u00fam. 9.<\/span><\/span><\/p>\n<p class=\"western\" lang=\"es-ES\" align=\"justify\"><span style=\"font-family: Consolas, monospace;\"><span style=\"font-size: small;\">Inrev\u00e9s edicions (amb M.A. Robledo)<\/span><\/span><\/p>\n<p class=\"western\" lang=\"es-ES\" align=\"justify\"><span style=\"font-family: Consolas, monospace;\"><span style=\"font-size: small;\">C\u00f2mic: \u201cParvulitos de l\u2019infern\u201d. Nosotros Somos Los Muertos,<\/span><\/span><\/p>\n<p class=\"western\" lang=\"es-ES\" align=\"justify\"><span style=\"font-family: Consolas, monospace;\"><span style=\"font-size: small;\">n\u00fam. 11. Inrev\u00e9s edicions<\/span><\/span><\/p>\n<\/li>\n<\/ul>\n<p>&nbsp;<\/p>\n<div class=\"gk-social-buttons\">\n\t\t\t<span class=\"gk-social-label\">Share:<\/span>\n\t\t\t<a class=\"gk-social-twitter\" href=\"http:\/\/twitter.com\/share?text=c.v.&amp;url=http%3A%2F%2Fricardchiang.com%2F%3Fpage_id%3D18\"\n\t            onclick=\"window.open(this.href, 'twitter-share', 'width=550,height=235');return false;\">\n\t            <span class=\"social__icon--hidden\">Twitter<\/span>\n\t        <\/a>    \n\t\t\t\t\n\t\t\t<a class=\"gk-social-fb\" href=\"https:\/\/www.facebook.com\/sharer\/sharer.php?u=http%3A%2F%2Fricardchiang.com%2F%3Fpage_id%3D18\"\n\t\t\t     onclick=\"window.open(this.href, 'facebook-share','width=580,height=296');return false;\">\n\t\t\t    <span class=\"social-icon-hidden\">Facebook<\/span>\n\t\t\t<\/a>\n\t\t\t\n\t\t\t<a class=\"gk-social-gplus\" href=\"https:\/\/plus.google.com\/share?url=http%3A%2F%2Fricardchiang.com%2F%3Fpage_id%3D18\"\n\t           onclick=\"window.open(this.href, 'google-plus-share', 'width=490,height=530');return false;\">\n\t            <span class=\"social__icon--hidden\">Google+<\/span>\n\t        <\/a>\n\t\t<\/div>","protected":false},"excerpt":{"rendered":"<p>Exposiciones colectivas\/Group exhibitions 2018 Drawing room Madrid. Stand IEB 2015 \u201c9 artistes per un 9 temps\u201d.&hellip;<\/p>\n","protected":false},"author":1,"featured_media":0,"parent":0,"menu_order":0,"comment_status":"closed","ping_status":"closed","template":"","meta":{"footnotes":""},"class_list":["post-18","page","type-page","status-publish","hentry"],"_links":{"self":[{"href":"http:\/\/ricardchiang.com\/index.php?rest_route=\/wp\/v2\/pages\/18","targetHints":{"allow":["GET"]}}],"collection":[{"href":"http:\/\/ricardchiang.com\/index.php?rest_route=\/wp\/v2\/pages"}],"about":[{"href":"http:\/\/ricardchiang.com\/index.php?rest_route=\/wp\/v2\/types\/page"}],"author":[{"embeddable":true,"href":"http:\/\/ricardchiang.com\/index.php?rest_route=\/wp\/v2\/users\/1"}],"replies":[{"embeddable":true,"href":"http:\/\/ricardchiang.com\/index.php?rest_route=%2Fwp%2Fv2%2Fcomments&post=18"}],"version-history":[{"count":13,"href":"http:\/\/ricardchiang.com\/index.php?rest_route=\/wp\/v2\/pages\/18\/revisions"}],"predecessor-version":[{"id":228,"href":"http:\/\/ricardchiang.com\/index.php?rest_route=\/wp\/v2\/pages\/18\/revisions\/228"}],"wp:attachment":[{"href":"http:\/\/ricardchiang.com\/index.php?rest_route=%2Fwp%2Fv2%2Fmedia&parent=18"}],"curies":[{"name":"wp","href":"https:\/\/api.w.org\/{rel}","templated":true}]}}